{"id":273,"date":"2024-06-25T13:00:55","date_gmt":"2024-06-25T11:00:55","guid":{"rendered":"https:\/\/lycee-mandela.fr\/mandelabo\/?page_id=273"},"modified":"2024-06-25T13:00:55","modified_gmt":"2024-06-25T11:00:55","slug":"mentions-legales","status":"publish","type":"page","link":"https:\/\/lycee-mandela.fr\/mandelabo\/mentions-legales\/","title":{"rendered":"Mentions l\u00e9gales"},"content":{"rendered":"\n<p><strong>Directeur de la publication<\/strong>&nbsp;: Fran\u00e7ois DELATTRE Proviseur du&nbsp;Lyc\u00e9e Nelson MANDELA 69 chemin Pinguet 97470 SAINT BENOIT<\/p>\n\n\n\n<p><strong>H\u00e9bergeur<\/strong>&nbsp;: OVH\\nwww.ovh.com\\n140, Quai du Sartel\\n59100 Roubaix, France\\n+33 8 99 70 17 61<\/p>\n\n\n\n<p>Les informations recueillies sont n\u00e9cessaires pour acc\u00e9der a certaines parties du site.Elles font l\u2019objet d\u2019un traitement informatique et sont destin\u00e9es au gestionnaire du site . En application des articles 39 et suivants de la loi du 6 janvier 1978 modifi\u00e9e, vous b\u00e9n\u00e9ficiez d\u2019un droit d\u2019acc\u00e8s et de rectification aux informations qui vous concernent. Si vous souhaitez exercer ce droit et obtenir communication des informations vous concernant, veuillez vous adresser \u00e0 :&nbsp;<a href=\"mailto:webmaster@lycee-mandela.fr\">webmaster@lycee-mandela.fr<\/a>.&nbsp;<\/p>\n\n\n\n<p>Le lyc\u00e9e Nelson MANDELA ne saurait \u00eatre responsable des dommages qui pourraient r\u00e9sulter de l\u2019acc\u00e8s ou de l\u2019utilisation du site, incluant toutes d\u00e9t\u00e9riorations ou virus qui pourraient infecter votre \u00e9quipement informatique ou tout autre bien.<\/p>\n\n\n\n<p><strong>Liens Externes<\/strong><\/p>\n\n\n\n<p>Le lyc\u00e9e propose des liens depuis son site vers d\u2019autres sites affili\u00e9s et non-affili\u00e9s. Ces sites sont ind\u00e9pendants du site. Le lyc\u00e9e Nelson Mandela n\u2019\u00e9dite pas et ne contr\u00f4le pas ces sites. Les liens vers tous sites ne constituent, en aucun cas, une approbation ou un partenariat entre le lyc\u00e9e et ces sites. D\u00e8s lors, le lyc\u00e9e Nelson MANDELA ne saurait \u00eatre responsable de leurs contenus, leurs produits, leurs publicit\u00e9s ou tous \u00e9l\u00e9ments ou services pr\u00e9sent\u00e9s sur ces sites. Nous vous rappelons que les sites affili\u00e9s ou non-affili\u00e9s sont soumis \u00e0 leurs propres conditions d\u2019utilisation et politiques de protection de la vie priv\u00e9e.<\/p>\n\n\n\n<p><strong>Propri\u00e9t\u00e9 intellectuelle :<\/strong><\/p>\n\n\n\n<p>Les photographies, textes, slogans, dessins, images, s\u00e9quences anim\u00e9es, sonores ou non, ainsi que toutes&nbsp;les \u0153uvres int\u00e9gr\u00e9es dans le site sont la propri\u00e9t\u00e9 de l\u2019\u00e9diteur du site ou de tiers ayant autoris\u00e9 l\u2019\u00e9diteur&nbsp;du site \u00e0 les utiliser.<br>Toute reproduction totale ou partielle de ces \u00e9l\u00e9ments sans l\u2019autorisation expresse de l\u2019exploitant du site&nbsp;Internet ou de ses ayant-droit est prohib\u00e9e, au sens de l\u2019article L713-2 du CPI&nbsp;<\/p>\n\n\n\n<p>Avertissement : \u00ae Toutes les marques commerciales d\u00e9pos\u00e9es ou non d\u00e9pos\u00e9es cit\u00e9es dans ce site sont la propri\u00e9t\u00e9 exclusive de leurs d\u00e9tenteurs respectifs.<\/p>\n\n\n\n<p>Les logos et visuels pr\u00e9sents sur ce site sont la propri\u00e9t\u00e9 de leur d\u00e9tenteur respectif.<\/p>\n\n\n\n<p><strong>Cr\u00e9dits photos<\/strong><\/p>\n\n\n\n<p>CC0 Creative Commons<\/p>\n\n\n\n<p>Libre pour usage commercial&nbsp;<br>Pas d\u2019attribution requise<\/p>\n\n\n\n<p>Site internet :&nbsp;https:\/\/pixabay.com\/<\/p>\n","protected":false},"excerpt":{"rendered":"<p>Directeur de la publication&nbsp;: Fran\u00e7ois DELATTRE Proviseur du&nbsp;Lyc\u00e9e Nelson MANDELA 69 chemin Pinguet 97470 SAINT BENOIT H\u00e9bergeur&nbsp;: OVH\\nwww.ovh.com\\n140, Quai du Sartel\\n59100 Roubaix, France\\n+33 8 99 70 17 61 Les informations recueillies sont n\u00e9cessaires pour acc\u00e9der a certaines parties du site.Elles font l\u2019objet d\u2019un traitement informatique et sont destin\u00e9es au gestionnaire du site . En application&hellip;<\/p>\n","protected":false},"author":1,"featured_media":0,"parent":0,"menu_order":0,"comment_status":"closed","ping_status":"closed","template":"","meta":{"cybocfi_hide_featured_image":"","footnotes":""},"class_list":["post-273","page","type-page","status-publish","hentry"],"_links":{"self":[{"href":"https:\/\/lycee-mandela.fr\/mandelabo\/wp-json\/wp\/v2\/pages\/273","targetHints":{"allow":["GET"]}}],"collection":[{"href":"https:\/\/lycee-mandela.fr\/mandelabo\/wp-json\/wp\/v2\/pages"}],"about":[{"href":"https:\/\/lycee-mandela.fr\/mandelabo\/wp-json\/wp\/v2\/types\/page"}],"author":[{"embeddable":true,"href":"https:\/\/lycee-mandela.fr\/mandelabo\/wp-json\/wp\/v2\/users\/1"}],"replies":[{"embeddable":true,"href":"https:\/\/lycee-mandela.fr\/mandelabo\/wp-json\/wp\/v2\/comments?post=273"}],"version-history":[{"count":1,"href":"https:\/\/lycee-mandela.fr\/mandelabo\/wp-json\/wp\/v2\/pages\/273\/revisions"}],"predecessor-version":[{"id":274,"href":"https:\/\/lycee-mandela.fr\/mandelabo\/wp-json\/wp\/v2\/pages\/273\/revisions\/274"}],"wp:attachment":[{"href":"https:\/\/lycee-mandela.fr\/mandelabo\/wp-json\/wp\/v2\/media?parent=273"}],"curies":[{"name":"wp","href":"https:\/\/api.w.org\/{rel}","templated":true}]}}